{"id":94,"date":"2023-10-16T17:15:24","date_gmt":"2023-10-16T17:15:24","guid":{"rendered":"https:\/\/uploadit.fr\/?page_id=94"},"modified":"2026-03-24T20:39:39","modified_gmt":"2026-03-24T20:39:39","slug":"experiences","status":"publish","type":"page","link":"https:\/\/uploadit.fr\/?page_id=94","title":{"rendered":"Parcours d\u00e9taill\u00e9"},"content":{"rendered":"\n<p class=\"has-base-2-color has-text-color has-background has-link-color wp-elements-1 wp-block-paragraph\" style=\"background-color:#c43131\"><strong>UPLOAD IT CONSULTING \u2013 Soci\u00e9t\u00e9 fond\u00e9e en Mars 2023<\/strong><\/p>\n\n\n\n<figure class=\"wp-block-image size-large is-resized\"><img loading=\"lazy\" decoding=\"async\" width=\"1024\" height=\"196\" src=\"https:\/\/uploadit.fr\/wp-content\/uploads\/2025\/01\/logo-Upload-IT-Consulting-copie-2-transparant-1-1024x196.png\" alt=\"\" class=\"wp-image-135\" style=\"width:477px;height:auto\" srcset=\"https:\/\/uploadit.fr\/wp-content\/uploads\/2025\/01\/logo-Upload-IT-Consulting-copie-2-transparant-1-1024x196.png 1024w, https:\/\/uploadit.fr\/wp-content\/uploads\/2025\/01\/logo-Upload-IT-Consulting-copie-2-transparant-1-300x57.png 300w, https:\/\/uploadit.fr\/wp-content\/uploads\/2025\/01\/logo-Upload-IT-Consulting-copie-2-transparant-1-768x147.png 768w, https:\/\/uploadit.fr\/wp-content\/uploads\/2025\/01\/logo-Upload-IT-Consulting-copie-2-transparant-1-1536x294.png 1536w, https:\/\/uploadit.fr\/wp-content\/uploads\/2025\/01\/logo-Upload-IT-Consulting-copie-2-transparant-1-2048x392.png 2048w\" sizes=\"auto, (max-width: 1024px) 100vw, 1024px\" \/><\/figure>\n\n\n\n<p class=\"has-accent-5-background-color has-text-color has-background has-link-color wp-elements-2 wp-block-paragraph\" style=\"color:#c43131\"><strong><u>Mission UPLOAD IT CONSULTING pour Groupama Rhone Alpes Auvergne : Manager de transition Cellule DATA &amp; IA<\/u> \u2013 depuis 11\/2025<\/strong><\/p>\n\n\n\n<ul class=\"wp-block-list\">\n<li class=\"has-text-color has-link-color wp-elements-3\" style=\"color:#c43131\"><strong>Manager cellule<\/strong> <strong>DATA &amp; IA <\/strong>Groupama RAA\n<ul class=\"wp-block-list\">\n<li class=\"has-contrast-color has-text-color has-link-color has-small-font-size wp-elements-4\">Gestion de la gouvernance  DATA <\/li>\n\n\n\n<li class=\"has-contrast-color has-text-color has-link-color has-small-font-size wp-elements-5\">Management d&rsquo;\u00e9quipe<\/li>\n\n\n\n<li class=\"has-contrast-color has-text-color has-link-color has-small-font-size wp-elements-6\">Organisation du Delivery<\/li>\n\n\n\n<li class=\"has-contrast-color has-text-color has-link-color has-small-font-size wp-elements-7\">Gestion du Codir Data et reporting au DGA<\/li>\n<\/ul>\n<\/li>\n<\/ul>\n\n\n\n<p class=\"has-accent-5-background-color has-text-color has-background has-link-color wp-elements-8 wp-block-paragraph\" style=\"color:#c43131\"><strong><u>Mission UPLOAD IT CONSULTING pour KEOLIS SYTRAL : <\/u><\/strong><br><strong><u>Lead chantier DATA sur programme Allotissement <\/u> \u2013 03\/2023 \u00e0 04\/2025<\/strong><\/p>\n\n\n\n<ul class=\"wp-block-list\">\n<li class=\"has-text-color has-link-color wp-elements-9\" style=\"color:#c43131\"><strong>Adjoint du Directeur<\/strong> <strong>DATA  sur \u00ab\u00a0<\/strong>Programme \u00ab Allotissement SI 2025.\n<ul class=\"wp-block-list\">\n<li class=\"has-contrast-color has-text-color has-link-color has-small-font-size wp-elements-10\">Pilotage du chantier DATA et des projets Keolis rattach\u00e9s au chantier<\/li>\n\n\n\n<li class=\"has-contrast-color has-text-color has-link-color has-small-font-size wp-elements-11\">Gestion de <strong>l\u2019Engagement<\/strong> <strong>budg\u00e9taire<\/strong> et participation \u00e0 la Gouvernance du chantier <\/li>\n\n\n\n<li class=\"has-contrast-color has-text-color has-link-color has-small-font-size wp-elements-12\">Organisation de l&rsquo;<strong>\u00e9quipe<\/strong>&nbsp;: recherche des profils externes, gestion du planning capacitaire, Affectation des \u00e9quipes,\u2026<\/li>\n\n\n\n<li class=\"has-contrast-color has-text-color has-link-color has-small-font-size wp-elements-13\">Garant du planning chantier : Cadrage, Impl\u00e9mentation, Tests <\/li>\n\n\n\n<li class=\"has-contrast-color has-text-color has-link-color has-small-font-size wp-elements-14\">D\u00e9finition des <strong>plans<\/strong> de <strong>charges<\/strong> &amp; garant des <strong>Couts<\/strong>, <strong>Qualit\u00e9<\/strong>, <strong>D\u00e9lai<\/strong> <\/li>\n<\/ul>\n<\/li>\n<\/ul>\n\n\n\n<p class=\"wp-block-paragraph\"><\/p>\n\n\n\n<p class=\"has-text-align-center has-base-2-color has-text-color has-background has-link-color wp-elements-15 wp-block-paragraph\" style=\"background-color:#c43131\"><strong>Directeur de stream R&amp;D pour Sopra Real Estate Sofware \u2013 04\/2021 \u00e0 02\/2023<\/strong><\/p>\n\n\n\n<p class=\"has-text-color has-medium-font-size wp-block-paragraph\" style=\"color:#c43131\"><strong><u>Directeur <\/u><span style=\"text-decoration: underline;\">d&rsquo;une plateforme Edition <\/span>\u00ab\u00a0Modules Externalis\u00e9s\u00a0\u00bb de 60 pers au sein de la R&amp;D<\/strong> <\/p>\n\n\n\n<ul class=\"wp-block-list\">\n<li class=\"has-small-font-size\"><strong>R\u00e9alisation de solutions BI, MOBILITE &amp; Digital, Extranet et Solutions WEB<\/strong><\/li>\n\n\n\n<li class=\"has-small-font-size\">Gestion de <strong>budg\u00e9taire, Gouvernance <\/strong>de la plateforme <\/li>\n\n\n\n<li class=\"has-small-font-size\">Organisation des <strong>\u00e9quipes<\/strong>,D\u00e9finition de la <strong>roadmap<\/strong> et des plans de <strong>release<\/strong><\/li>\n\n\n\n<li class=\"has-small-font-size\">D\u00e9finition des <strong>plans<\/strong> de <strong>charges<\/strong> &amp; garant des <strong>Couts<\/strong>, <strong>Qualit\u00e9<\/strong>, <strong>D\u00e9lai<\/strong> <\/li>\n<\/ul>\n\n\n\n<p class=\"wp-block-paragraph\"><\/p>\n\n\n\n<p class=\"has-base-2-color has-text-color has-background has-link-color wp-elements-16 wp-block-paragraph\" style=\"background-color:#c43131\"><strong>Directeur Conseils &amp; Services &#8211; <\/strong><strong>CGI de 2012 \u00e0 2021<\/strong><\/p>\n\n\n\n<p class=\"has-text-color has-medium-font-size wp-block-paragraph\" style=\"color:#c43131\"><strong><u>Responsable projets<\/u><\/strong><strong> secteur sant\u00e9-pharma<\/strong> &#8211; <em>Juillet 2020 <\/em><\/p>\n\n\n\n<ul class=\"wp-block-list\">\n<li><strong>Pilotage des prestations en Assistance Technique porterfeuille client secteur pharma.<\/strong><\/li>\n<\/ul>\n\n\n\n<p class=\"has-text-color has-medium-font-size wp-block-paragraph\" style=\"color:#c43131\"><strong><u>Directeur de Projets<\/u><\/strong><strong> &#8211; Responsable de Stream <\/strong>&#8211; Solvay<strong> &#8211; <\/strong><em>Juin 2018 <\/em><\/p>\n\n\n\n<ul class=\"wp-block-list\">\n<li><strong>Pilotage des \u00e9quipes Nearshore Portugal 10p. &amp; Offshore Inde 70p.<\/strong><\/li>\n<\/ul>\n\n\n\n<p class=\"has-text-color has-medium-font-size wp-block-paragraph\" style=\"color:#c43131\"><strong>Directeur de Projets \/ Co-manager d\u2019entit\u00e9 \u2013 Michelin  <\/strong><em>Oct.2015 <\/em><\/p>\n\n\n\n<ul class=\"wp-block-list\">\n<li><strong>Co-Manager entit\u00e9 \u201cMarketing &amp; Sales\u201d (Clermont-Ferrand)<\/strong>\n<ul class=\"wp-block-list\">\n<li class=\"has-small-font-size\"><strong>Responsable de l\u2019\u00e9quipe CGI<\/strong> \u00e0 Clermont-Ferrand pour l\u2019entit\u00e9 M&amp;S: 70p (2016) &nbsp;to 120p (2018)<\/li>\n<\/ul>\n<\/li>\n<\/ul>\n\n\n\n<p class=\"has-text-color has-medium-font-size wp-block-paragraph\" style=\"color:#c43131\"><strong><u>Directeur de Projets<\/u><\/strong> (Carrefour)<strong>&nbsp;&nbsp;&nbsp;<\/strong><em>Mars 2012 <\/em><\/p>\n\n\n\n<ul class=\"wp-block-list\">\n<li><strong>Directeur de projet usine de maintenance Applicative pour CARREFOUR <\/strong>\n<ul class=\"wp-block-list\">\n<li class=\"has-small-font-size\">Responsable des D\u00e9veloppements &amp; de la maintenance (15000md\/y), Offshore 70% Maroc (Casablanca, Rabat)<\/li>\n<\/ul>\n<\/li>\n<\/ul>\n\n\n\n<p class=\"has-base-2-color has-text-color has-background has-link-color wp-elements-17 wp-block-paragraph\" style=\"background-color:#c43131\"><strong>Service Delivery Manager<\/strong> &#8211; <strong>Accenture <strong>2010 \u00e0 2012<\/strong><\/strong> <strong> <\/strong><\/p>\n\n\n\n<p class=\"has-text-color has-medium-font-size wp-block-paragraph\" style=\"color:#c43131\"><strong><u>Service Delivery Manager pour Orange<\/u><\/strong>  <\/p>\n\n\n\n<ul class=\"wp-block-list\">\n<li><strong>Manager activit\u00e9s projet &amp; gestion de la relation client pour ORANGE (Lyon)<\/strong>\n<ul class=\"wp-block-list\">\n<li class=\"has-small-font-size\"><strong>Gestion de l\u2019activit\u00e9 de r\u00e9alisation et des \u00e9quipes (2000j\/a) et gestion du client<\/strong><\/li>\n\n\n\n<li class=\"has-small-font-size\">30 d\u00e9veloppeurs dans un mod\u00e8le Blend 50\/50 entre la France et l\u2019inde Ann\u00e9e 1, 30\/70 ann\u00e9e 2<\/li>\n\n\n\n<li class=\"has-small-font-size\">Egain IBM solution, java, Jdbc, Jsp, SQL, Maven, Spring Hibernate, Apache, IIS<\/li>\n<\/ul>\n<\/li>\n<\/ul>\n\n\n\n<p class=\"wp-block-paragraph\"><\/p>\n\n\n\n<p class=\"has-base-2-color has-text-color has-background has-link-color wp-elements-18 wp-block-paragraph\" style=\"background-color:#c43131\"><strong>Directeur de projets &#8211;<\/strong><strong> Editeur Software \u2013 2009<\/strong><\/p>\n\n\n\n<ul class=\"wp-block-list\">\n<li class=\"has-text-color has-medium-font-size\" style=\"color:#c43131\"><strong><u>Editeur logiciel \u00ab&nbsp;Eric Archivage&nbsp;\u00bb<\/u><\/strong>\n<ul class=\"wp-block-list\">\n<li class=\"has-contrast-color has-text-color has-link-color wp-elements-19\">logiciel d&rsquo;OCR pour les conseils r\u00e9gionnaux<\/li>\n<\/ul>\n<\/li>\n<\/ul>\n\n\n\n<p class=\"wp-block-paragraph\"><\/p>\n\n\n\n<p class=\"wp-block-paragraph\"><\/p>\n\n\n\n<p class=\"has-base-2-color has-text-color has-background has-link-color wp-elements-20 wp-block-paragraph\" style=\"background-color:#c43131\"><strong>Directeur de projets IT \u2013 SQLI &#8211; &nbsp;2009<\/strong> (6 mois)<\/p>\n\n\n\n<ul class=\"wp-block-list has-medium-font-size\">\n<li class=\"has-text-color has-medium-font-size\" style=\"color:#c43131\"><strong>Projet d&rsquo;Assistance \u00e0 maitrise d&rsquo;ouvrage<\/strong><\/li>\n<\/ul>\n\n\n\n<p class=\"wp-block-paragraph\"><\/p>\n\n\n\n<p class=\"has-base-2-color has-text-color has-background has-link-color wp-elements-21 wp-block-paragraph\" style=\"background-color:#c43131\"><strong>Directeur des Op\u00e9rations \/ Projets \/Technique &#8211; MODIS &#8211; 2001 \u00e0 2009<\/strong><\/p>\n\n\n\n<p class=\"has-text-color has-medium-font-size wp-block-paragraph\" style=\"color:#c43131\"><strong><u>Directeur Technique<\/u>&nbsp;<\/strong>d<strong>&lsquo;<\/strong>agence <em>juillet 2007 <\/em><\/p>\n\n\n\n<ul class=\"wp-block-list\">\n<li><strong>Responsable Technique des Projets de l\u2019agence de Lyon<\/strong><\/li>\n<\/ul>\n\n\n\n<p class=\"has-text-color has-medium-font-size wp-block-paragraph\" style=\"color:#c43131\"><strong><u>Directeur des Op\u00e9rations<\/u><\/strong> (Adecco, ABB, EDF, Biom\u00e9rieux\u2026)<em>2002 \/5 ans<\/em><\/p>\n\n\n\n<ul class=\"wp-block-list\">\n<li><strong>Responsable des \u00e9quipes et du delivery (Lyon)<\/strong>\n<ul class=\"wp-block-list\">\n<li class=\"has-small-font-size\">Responsable des projets et contrat T&amp;M : Project 60% \/ T&amp;M 40%<\/li>\n\n\n\n<li class=\"has-small-font-size\">Responsable de de la relation client et des engagements contractuels.<\/li>\n\n\n\n<li class=\"has-small-font-size\">Affectation et suivi des collaborateurs&nbsp;: 80 collaborateurs (2002) \u00e0 120 (2007).<\/li>\n<\/ul>\n<\/li>\n<\/ul>\n\n\n\n<p class=\"has-text-color has-medium-font-size wp-block-paragraph\" style=\"color:#c43131\"><strong><u>Directeur de projet<\/u><\/strong> (Adecco)<strong> &#8211; <\/strong><em>Nov 2001 \/2 ans<\/em><\/p>\n\n\n\n<ul class=\"wp-block-list\">\n<li><strong>pilotage des prestations en TMA pour Adecco<\/strong>\n<ul class=\"wp-block-list\">\n<li class=\"has-small-font-size\">Applications Lotus notes<\/li>\n<\/ul>\n<\/li>\n<\/ul>\n\n\n\n<p class=\"wp-block-paragraph\"><\/p>\n\n\n\n<p class=\"has-base-2-color has-text-color has-background has-link-color wp-elements-22 wp-block-paragraph\" style=\"background-color:#c43131\"><strong>Program Manager<\/strong> <strong>&nbsp;-Axemble (Editeur solution Web) \u2013 2001<\/strong><\/p>\n\n\n\n<p class=\"has-text-color has-medium-font-size wp-block-paragraph\" style=\"color:#c43131\"><strong><u>Program Manager Lotus Notes &amp; Exchange<\/u><\/strong> (Edition R&amp;D)<strong> <\/strong><em>Avril 2001 \/6 m<\/em> &nbsp;<\/p>\n\n\n\n<p class=\"wp-block-paragraph\">Gestion des D\u00e9veloppements de la solution VDoc process (\u00e9quipe15 p.)<\/p>\n\n\n\n<p class=\"wp-block-paragraph\"><\/p>\n\n\n\n<p class=\"wp-block-paragraph\"><\/p>\n\n\n\n<p class=\"has-base-2-color has-text-color has-background has-link-color wp-elements-23 wp-block-paragraph\" style=\"background-color:#c43131\"><strong>Chef de projets<\/strong><strong> <\/strong><strong>&#8211; GFI \u2013 1997 \u00e0 2001<\/strong><\/p>\n\n\n\n<p class=\"has-text-color has-medium-font-size wp-block-paragraph\" style=\"color:#c43131\"><strong><u>Chef de projet Lotus Notes<\/u><\/strong><strong> <\/strong>pour la Semitag, Protravel<strong> &#8211; <\/strong><em>Sept. 1999 \/2,5 ans<\/em><\/p>\n\n\n\n<p class=\"has-text-color has-medium-font-size wp-block-paragraph\" style=\"color:#c43131\"><strong><u>Analyste d\u00e9veloppeur<\/u><\/strong><strong> <\/strong>(Casino)&nbsp;<strong>&#8211; <\/strong><em>Oct. 1997 \/1,5 ans<\/em><\/p>\n\n\n\n<p class=\"wp-block-paragraph\"><\/p>\n\n\n\n<p class=\"has-base-2-color has-text-color has-background has-link-color wp-elements-24 wp-block-paragraph\" style=\"background-color:#c43131\"><strong>Analyste d\u00e9veloppeur<\/strong><strong><\/strong> <strong>\u2013 <\/strong><strong>Soleri-Cigel\u2013 1991 \u00e0 1997<\/strong><\/p>\n\n\n\n<p class=\"has-text-color has-medium-font-size wp-block-paragraph\" style=\"color:#c43131\"><strong><u>Analyste d\u00e9veloppeur<\/u><\/strong><strong> <\/strong>pour laLyonnaise de banque, CA, casino<strong>&nbsp;&nbsp; &#8211; <\/strong><em>sept. 1991 \/6 ans<\/em><\/p>\n\n\n\n<p class=\"wp-block-paragraph\"><\/p>\n\n\n\n<p class=\"wp-block-paragraph\"><\/p>\n","protected":false},"excerpt":{"rendered":"<p>UPLOAD IT CONSULTING \u2013 Soci\u00e9t\u00e9 fond\u00e9e en Mars 2023 Mission UPLOAD IT CONSULTING pour Groupama Rhone Alpes Auvergne : Manager de transition Cellule DATA &amp; IA \u2013 depuis 11\/2025 Mission UPLOAD IT CONSULTING pour KEOLIS SYTRAL : Lead chantier DATA sur programme Allotissement \u2013 03\/2023 \u00e0 04\/2025 Directeur de stream R&amp;D pour Sopra Real Estate [&hellip;]<\/p>\n","protected":false},"author":1,"featured_media":120,"parent":0,"menu_order":0,"comment_status":"closed","ping_status":"closed","template":"","meta":{"footnotes":""},"class_list":["post-94","page","type-page","status-publish","has-post-thumbnail","hentry"],"_links":{"self":[{"href":"https:\/\/uploadit.fr\/index.php?rest_route=\/wp\/v2\/pages\/94","targetHints":{"allow":["GET"]}}],"collection":[{"href":"https:\/\/uploadit.fr\/index.php?rest_route=\/wp\/v2\/pages"}],"about":[{"href":"https:\/\/uploadit.fr\/index.php?rest_route=\/wp\/v2\/types\/page"}],"author":[{"embeddable":true,"href":"https:\/\/uploadit.fr\/index.php?rest_route=\/wp\/v2\/users\/1"}],"replies":[{"embeddable":true,"href":"https:\/\/uploadit.fr\/index.php?rest_route=%2Fwp%2Fv2%2Fcomments&post=94"}],"version-history":[{"count":35,"href":"https:\/\/uploadit.fr\/index.php?rest_route=\/wp\/v2\/pages\/94\/revisions"}],"predecessor-version":[{"id":344,"href":"https:\/\/uploadit.fr\/index.php?rest_route=\/wp\/v2\/pages\/94\/revisions\/344"}],"wp:featuredmedia":[{"embeddable":true,"href":"https:\/\/uploadit.fr\/index.php?rest_route=\/wp\/v2\/media\/120"}],"wp:attachment":[{"href":"https:\/\/uploadit.fr\/index.php?rest_route=%2Fwp%2Fv2%2Fmedia&parent=94"}],"curies":[{"name":"wp","href":"https:\/\/api.w.org\/{rel}","templated":true}]}}